{"id":2780,"date":"2023-10-05T15:10:23","date_gmt":"2023-10-05T14:10:23","guid":{"rendered":"https:\/\/www.mbsmb.fr\/site\/?page_id=2780"},"modified":"2025-11-05T15:26:42","modified_gmt":"2025-11-05T14:26:42","slug":"national-2-pre-nat-regionales","status":"publish","type":"page","link":"https:\/\/www.mbsmb.fr\/site\/national-2-pre-nat-regionales\/","title":{"rendered":"Nationale 2, Pr\u00e9 nat&rsquo; &#038; r\u00e9gionales"},"content":{"rendered":"<h3 style=\"text-align: center;\"><strong>Saison 2025-2026<\/strong><\/h3>\n<p>Le MBSMB engage 5 \u00e9quipes d&rsquo;interclubs au niveau nationale et r\u00e9gionale : une \u00e9quipe en Nationale 2, deux \u00e9quipes en Pr\u00e9-nationale, une \u00e9quipe en R\u00e9gionale 1 et une \u00e9quipe en R\u00e9gionale 2.<\/p>\n<p>Tous les r\u00e9sultats des \u00e9quipes d&rsquo;IC sont sur ce <a href=\"https:\/\/icbad.ffbad.org\/instance\/MBSMB57\">lien BadNet<\/a><\/p>\n<p>&nbsp;<\/p>\n<table style=\"width: 100%;\" width=\"1356\">\n<tbody>\n<tr>\n<td style=\"background-color: #ffffff; width: 40%;\">\n<h5 style=\"text-align: center;\"><strong>Nationale 2 &#8211; \u00c9quipe 1<\/strong><\/h5>\n<p>&nbsp;<\/p>\n<p><img loading=\"lazy\" decoding=\"async\" class=\"wp-image-3147 aligncenter\" src=\"https:\/\/www.mbsmb.fr\/site\/wp-content\/uploads\/2025\/08\/Calendrier-10-e1754300975469-1024x484.jpg\" alt=\"\" width=\"431\" height=\"204\" srcset=\"https:\/\/www.mbsmb.fr\/site\/wp-content\/uploads\/2025\/08\/Calendrier-10-e1754300975469-1024x484.jpg 1024w, https:\/\/www.mbsmb.fr\/site\/wp-content\/uploads\/2025\/08\/Calendrier-10-e1754300975469-300x142.jpg 300w, https:\/\/www.mbsmb.fr\/site\/wp-content\/uploads\/2025\/08\/Calendrier-10-e1754300975469-768x363.jpg 768w, https:\/\/www.mbsmb.fr\/site\/wp-content\/uploads\/2025\/08\/Calendrier-10-e1754300975469-1536x726.jpg 1536w, https:\/\/www.mbsmb.fr\/site\/wp-content\/uploads\/2025\/08\/Calendrier-10-e1754300975469-1440x680.jpg 1440w, https:\/\/www.mbsmb.fr\/site\/wp-content\/uploads\/2025\/08\/Calendrier-10-e1754300975469.jpg 1640w\" sizes=\"auto, (max-width: 431px) 100vw, 431px\" \/><\/p>\n<p><span style=\"color: #5cc5f1;\"><u>Effectif<\/u> :\u00a0<\/span>Lily BECKER, Lorna BODHA, Ana\u00e9 FRIEDMANN, Zo\u00e9 SINICO<\/p>\n<p><strong>Lucas CORTI<\/strong>, Titouan EMOND, Valentin RECEVEUR<\/td>\n<td style=\"background-color: #ffffff; width: 60%; text-align: center;\">&nbsp;<\/p>\n<p>&nbsp;<\/p>\n<p><img loading=\"lazy\" decoding=\"async\" class=\"size-full wp-image-3260 aligncenter\" src=\"https:\/\/www.mbsmb.fr\/site\/wp-content\/uploads\/2025\/09\/555898845_1375472021248723_2207035253763030348_n.jpg\" alt=\"\" width=\"2048\" height=\"1536\" srcset=\"https:\/\/www.mbsmb.fr\/site\/wp-content\/uploads\/2025\/09\/555898845_1375472021248723_2207035253763030348_n.jpg 2048w, https:\/\/www.mbsmb.fr\/site\/wp-content\/uploads\/2025\/09\/555898845_1375472021248723_2207035253763030348_n-300x225.jpg 300w, https:\/\/www.mbsmb.fr\/site\/wp-content\/uploads\/2025\/09\/555898845_1375472021248723_2207035253763030348_n-1024x768.jpg 1024w, https:\/\/www.mbsmb.fr\/site\/wp-content\/uploads\/2025\/09\/555898845_1375472021248723_2207035253763030348_n-768x576.jpg 768w, https:\/\/www.mbsmb.fr\/site\/wp-content\/uploads\/2025\/09\/555898845_1375472021248723_2207035253763030348_n-1536x1152.jpg 1536w, https:\/\/www.mbsmb.fr\/site\/wp-content\/uploads\/2025\/09\/555898845_1375472021248723_2207035253763030348_n-1440x1080.jpg 1440w\" sizes=\"auto, (max-width: 2048px) 100vw, 2048px\" \/><\/td>\n<\/tr>\n<tr>\n<td style=\"background-color: #ffffff; width: 60%;\">\n<h5 style=\"text-align: center;\"><strong>Pr\u00e9-Nationale &#8211; \u00c9quipe 2<\/strong><\/h5>\n<p>&nbsp;<\/p>\n<p><img loading=\"lazy\" decoding=\"async\" class=\"wp-image-3166 aligncenter\" src=\"https:\/\/www.mbsmb.fr\/site\/wp-content\/uploads\/2025\/08\/Calendrier-11-e1754302532528-1024x323.jpg\" alt=\"\" width=\"448\" height=\"141\" srcset=\"https:\/\/www.mbsmb.fr\/site\/wp-content\/uploads\/2025\/08\/Calendrier-11-e1754302532528-1024x323.jpg 1024w, https:\/\/www.mbsmb.fr\/site\/wp-content\/uploads\/2025\/08\/Calendrier-11-e1754302532528-300x95.jpg 300w, https:\/\/www.mbsmb.fr\/site\/wp-content\/uploads\/2025\/08\/Calendrier-11-e1754302532528-768x242.jpg 768w, https:\/\/www.mbsmb.fr\/site\/wp-content\/uploads\/2025\/08\/Calendrier-11-e1754302532528-1536x484.jpg 1536w, https:\/\/www.mbsmb.fr\/site\/wp-content\/uploads\/2025\/08\/Calendrier-11-e1754302532528-1440x454.jpg 1440w, https:\/\/www.mbsmb.fr\/site\/wp-content\/uploads\/2025\/08\/Calendrier-11-e1754302532528.jpg 1644w\" sizes=\"auto, (max-width: 448px) 100vw, 448px\" \/><\/p>\n<p><span style=\"color: #5cc5f1;\"><u>Effectif<\/u> : <\/span><strong>Marianne CL\u00c9MENTE<\/strong>, L\u00e9anie FIXOT, Ana\u00efs GAZEAU, \u00c9lisa THIBOT<\/p>\n<p>Cl\u00e9ment JALES, Loic LE NAOUR, Sacha LIENARD, Loris RITROVATO, Corentin SAHM<\/td>\n<td style=\"background-color: #ffffff; width: 40%;\">&nbsp;<\/p>\n<p><img loading=\"lazy\" decoding=\"async\" class=\"size-full wp-image-3317 aligncenter\" src=\"https:\/\/www.mbsmb.fr\/site\/wp-content\/uploads\/2025\/11\/566204408_1397291512400107_3139541419456313714_n.jpg\" alt=\"\" width=\"2048\" height=\"1882\" srcset=\"https:\/\/www.mbsmb.fr\/site\/wp-content\/uploads\/2025\/11\/566204408_1397291512400107_3139541419456313714_n.jpg 2048w, https:\/\/www.mbsmb.fr\/site\/wp-content\/uploads\/2025\/11\/566204408_1397291512400107_3139541419456313714_n-300x276.jpg 300w, https:\/\/www.mbsmb.fr\/site\/wp-content\/uploads\/2025\/11\/566204408_1397291512400107_3139541419456313714_n-1024x941.jpg 1024w, https:\/\/www.mbsmb.fr\/site\/wp-content\/uploads\/2025\/11\/566204408_1397291512400107_3139541419456313714_n-768x706.jpg 768w, https:\/\/www.mbsmb.fr\/site\/wp-content\/uploads\/2025\/11\/566204408_1397291512400107_3139541419456313714_n-1536x1412.jpg 1536w, https:\/\/www.mbsmb.fr\/site\/wp-content\/uploads\/2025\/11\/566204408_1397291512400107_3139541419456313714_n-1440x1323.jpg 1440w\" sizes=\"auto, (max-width: 2048px) 100vw, 2048px\" \/><\/td>\n<\/tr>\n<tr>\n<td style=\"background-color: #ffffff; width: 60%;\">\n<h5 style=\"text-align: center;\"><strong>Pr\u00e9-Nationale &#8211; \u00c9quipe 3<\/strong><\/h5>\n<p>&nbsp;<\/p>\n<p><img loading=\"lazy\" decoding=\"async\" class=\"alignnone size-full wp-image-3285\" src=\"https:\/\/www.mbsmb.fr\/site\/wp-content\/uploads\/2025\/09\/CalendrierPN2-scaled.jpg\" alt=\"\" width=\"2560\" height=\"977\" srcset=\"https:\/\/www.mbsmb.fr\/site\/wp-content\/uploads\/2025\/09\/CalendrierPN2-scaled.jpg 2560w, https:\/\/www.mbsmb.fr\/site\/wp-content\/uploads\/2025\/09\/CalendrierPN2-300x114.jpg 300w, https:\/\/www.mbsmb.fr\/site\/wp-content\/uploads\/2025\/09\/CalendrierPN2-1024x391.jpg 1024w, https:\/\/www.mbsmb.fr\/site\/wp-content\/uploads\/2025\/09\/CalendrierPN2-768x293.jpg 768w, https:\/\/www.mbsmb.fr\/site\/wp-content\/uploads\/2025\/09\/CalendrierPN2-1536x586.jpg 1536w, https:\/\/www.mbsmb.fr\/site\/wp-content\/uploads\/2025\/09\/CalendrierPN2-2048x781.jpg 2048w, https:\/\/www.mbsmb.fr\/site\/wp-content\/uploads\/2025\/09\/CalendrierPN2-1440x549.jpg 1440w\" sizes=\"auto, (max-width: 2560px) 100vw, 2560px\" \/><\/p>\n<p><span style=\"color: #5cc5f1;\"><u>Effectif<\/u> : <\/span><strong>\u00c9meline CRESPIN<\/strong>, Nathalie CL\u00c9MENTE, Manon STENGER, Estelle THOMET<\/p>\n<p>Julien DEFFORGE, Bastien LESPAGNOL, Antoine PACZKA, Benoit THIEBEAU, Rajesh SIVA<\/td>\n<td style=\"background-color: #ffffff; width: 40%;\">&nbsp;<\/p>\n<p>&nbsp;<\/p>\n<p><img loading=\"lazy\" decoding=\"async\" class=\"size-full wp-image-3319 aligncenter\" src=\"https:\/\/www.mbsmb.fr\/site\/wp-content\/uploads\/2025\/11\/567677708_1397291612400097_5011748119140544981_n.jpg\" alt=\"\" width=\"2048\" height=\"1714\" srcset=\"https:\/\/www.mbsmb.fr\/site\/wp-content\/uploads\/2025\/11\/567677708_1397291612400097_5011748119140544981_n.jpg 2048w, https:\/\/www.mbsmb.fr\/site\/wp-content\/uploads\/2025\/11\/567677708_1397291612400097_5011748119140544981_n-300x251.jpg 300w, https:\/\/www.mbsmb.fr\/site\/wp-content\/uploads\/2025\/11\/567677708_1397291612400097_5011748119140544981_n-1024x857.jpg 1024w, https:\/\/www.mbsmb.fr\/site\/wp-content\/uploads\/2025\/11\/567677708_1397291612400097_5011748119140544981_n-768x643.jpg 768w, https:\/\/www.mbsmb.fr\/site\/wp-content\/uploads\/2025\/11\/567677708_1397291612400097_5011748119140544981_n-1536x1286.jpg 1536w, https:\/\/www.mbsmb.fr\/site\/wp-content\/uploads\/2025\/11\/567677708_1397291612400097_5011748119140544981_n-1440x1205.jpg 1440w\" sizes=\"auto, (max-width: 2048px) 100vw, 2048px\" \/><\/td>\n<\/tr>\n<tr>\n<td style=\"background-color: #ffffff; width: 60%;\">\n<h5 style=\"text-align: center;\"><strong>R\u00e9gionle 1 &#8211; \u00c9quipe 4<\/strong><\/h5>\n<p>&nbsp;<\/p>\n<p><img loading=\"lazy\" decoding=\"async\" class=\"wp-image-3166 aligncenter\" src=\"https:\/\/www.mbsmb.fr\/site\/wp-content\/uploads\/2025\/08\/Calendrier-11-e1754302532528-1024x323.jpg\" alt=\"\" width=\"448\" height=\"141\" srcset=\"https:\/\/www.mbsmb.fr\/site\/wp-content\/uploads\/2025\/08\/Calendrier-11-e1754302532528-1024x323.jpg 1024w, https:\/\/www.mbsmb.fr\/site\/wp-content\/uploads\/2025\/08\/Calendrier-11-e1754302532528-300x95.jpg 300w, https:\/\/www.mbsmb.fr\/site\/wp-content\/uploads\/2025\/08\/Calendrier-11-e1754302532528-768x242.jpg 768w, https:\/\/www.mbsmb.fr\/site\/wp-content\/uploads\/2025\/08\/Calendrier-11-e1754302532528-1536x484.jpg 1536w, https:\/\/www.mbsmb.fr\/site\/wp-content\/uploads\/2025\/08\/Calendrier-11-e1754302532528-1440x454.jpg 1440w, https:\/\/www.mbsmb.fr\/site\/wp-content\/uploads\/2025\/08\/Calendrier-11-e1754302532528.jpg 1644w\" sizes=\"auto, (max-width: 448px) 100vw, 448px\" \/><\/p>\n<p><span style=\"color: #5cc5f1;\"><u>Effectif<\/u> : <\/span>Eileen GAULTIER, Anna LALOUETTE, So\u00e9lie REMIATTE, Jessica STENOFI<\/p>\n<p><strong>Simon HAYOTTE<\/strong>, Charles CUVIER, Arthur KRAUSE, Jordan RAYER<\/td>\n<td style=\"background-color: #ffffff; width: 40%;\"><img loading=\"lazy\" decoding=\"async\" class=\"size-full wp-image-3314 aligncenter\" src=\"https:\/\/www.mbsmb.fr\/site\/wp-content\/uploads\/2025\/11\/560431725_1397290475733544_2126211987664698869_n.jpg\" alt=\"\" width=\"720\" height=\"960\" srcset=\"https:\/\/www.mbsmb.fr\/site\/wp-content\/uploads\/2025\/11\/560431725_1397290475733544_2126211987664698869_n.jpg 720w, https:\/\/www.mbsmb.fr\/site\/wp-content\/uploads\/2025\/11\/560431725_1397290475733544_2126211987664698869_n-225x300.jpg 225w\" sizes=\"auto, (max-width: 720px) 100vw, 720px\" \/><\/td>\n<\/tr>\n<tr>\n<td style=\"background-color: #ffffff; width: 60%;\">\n<h5 style=\"text-align: center;\"><strong>R\u00e9gionale 2 &#8211; \u00c9quipe 5<\/strong><\/h5>\n<p>&nbsp;<\/p>\n<p><img loading=\"lazy\" decoding=\"async\" class=\"alignnone size-full wp-image-3286\" src=\"https:\/\/www.mbsmb.fr\/site\/wp-content\/uploads\/2025\/09\/calendrierR2-scaled.jpg\" alt=\"\" width=\"2560\" height=\"977\" srcset=\"https:\/\/www.mbsmb.fr\/site\/wp-content\/uploads\/2025\/09\/calendrierR2-scaled.jpg 2560w, https:\/\/www.mbsmb.fr\/site\/wp-content\/uploads\/2025\/09\/calendrierR2-300x114.jpg 300w, https:\/\/www.mbsmb.fr\/site\/wp-content\/uploads\/2025\/09\/calendrierR2-1024x391.jpg 1024w, https:\/\/www.mbsmb.fr\/site\/wp-content\/uploads\/2025\/09\/calendrierR2-768x293.jpg 768w, https:\/\/www.mbsmb.fr\/site\/wp-content\/uploads\/2025\/09\/calendrierR2-1536x586.jpg 1536w, https:\/\/www.mbsmb.fr\/site\/wp-content\/uploads\/2025\/09\/calendrierR2-2048x781.jpg 2048w, https:\/\/www.mbsmb.fr\/site\/wp-content\/uploads\/2025\/09\/calendrierR2-1440x549.jpg 1440w\" sizes=\"auto, (max-width: 2560px) 100vw, 2560px\" \/><\/p>\n<p><span style=\"color: #5cc5f1;\"><u>Effectif<\/u> : <\/span>Corinne ALTERMATT, Lisa HINIK, Emmanuelle FLECK, Ma\u00eblle NOWICKI<\/p>\n<p><strong>Lucien TRAN<\/strong>, Robin CUDIZIO, Rapha\u00ebl LUNDY, Jo\u00ebl SCHAAFF, Gu\u00e9na\u00ebl THIBOT<\/td>\n<td style=\"background-color: #ffffff; width: 40%;\">&nbsp;<\/p>\n<p>&nbsp;<\/p>\n<p>&nbsp;<\/p>\n<p><img loading=\"lazy\" decoding=\"async\" class=\"size-full wp-image-3313 aligncenter\" src=\"https:\/\/www.mbsmb.fr\/site\/wp-content\/uploads\/2025\/11\/559898926_1397290742400184_7616473508078710125_n.jpg\" alt=\"\" width=\"960\" height=\"688\" srcset=\"https:\/\/www.mbsmb.fr\/site\/wp-content\/uploads\/2025\/11\/559898926_1397290742400184_7616473508078710125_n.jpg 960w, https:\/\/www.mbsmb.fr\/site\/wp-content\/uploads\/2025\/11\/559898926_1397290742400184_7616473508078710125_n-300x215.jpg 300w, https:\/\/www.mbsmb.fr\/site\/wp-content\/uploads\/2025\/11\/559898926_1397290742400184_7616473508078710125_n-768x550.jpg 768w\" sizes=\"auto, (max-width: 960px) 100vw, 960px\" \/><\/td>\n<\/tr>\n<\/tbody>\n<\/table>\n<!-- AddThis Advanced Settings generic via filter on the_content --><!-- AddThis Share Buttons generic via filter on the_content -->","protected":false},"excerpt":{"rendered":"<p>Saison 2025-2026 Le MBSMB engage 5 \u00e9quipes d&rsquo;interclubs au niveau nationale et r\u00e9gionale : une \u00e9quipe en Nationale 2, deux \u00e9quipes en Pr\u00e9-nationale, une \u00e9quipe en R\u00e9gionale 1 et une \u00e9quipe en R\u00e9gionale 2. Tous les r\u00e9sultats des \u00e9quipes d&rsquo;IC sont sur ce lien BadNet &nbsp; Nationale 2 &#8211; \u00c9quipe &hellip;<!-- AddThis Advanced Settings generic via filter on get_the_excerpt --><!-- AddThis Share Buttons generic via filter on get_the_excerpt --><\/p>\n","protected":false},"author":13,"featured_media":0,"parent":0,"menu_order":0,"comment_status":"closed","ping_status":"closed","template":"","meta":{"footnotes":""},"class_list":["post-2780","page","type-page","status-publish","hentry"],"yoast_head":"<!-- This site is optimized with the Yoast SEO plugin v26.7 - https:\/\/yoast.com\/wordpress\/plugins\/seo\/ -->\n<title>Nationale 2, Pr\u00e9 nat&#039; &amp; r\u00e9gionales - MBSMB<\/title>\n<meta name=\"robots\" content=\"index, follow, max-snippet:-1, max-image-preview:large, max-video-preview:-1\" \/>\n<link rel=\"canonical\" href=\"https:\/\/www.mbsmb.fr\/site\/national-2-pre-nat-regionales\/\" \/>\n<meta property=\"og:locale\" content=\"fr_FR\" \/>\n<meta property=\"og:type\" content=\"article\" \/>\n<meta property=\"og:title\" content=\"Nationale 2, Pr\u00e9 nat&#039; &amp; r\u00e9gionales - MBSMB\" \/>\n<meta property=\"og:description\" content=\"Saison 2025-2026 Le MBSMB engage 5 \u00e9quipes d&rsquo;interclubs au niveau nationale et r\u00e9gionale : une \u00e9quipe en Nationale 2, deux \u00e9quipes en Pr\u00e9-nationale, une \u00e9quipe en R\u00e9gionale 1 et une \u00e9quipe en R\u00e9gionale 2. Tous les r\u00e9sultats des \u00e9quipes d&rsquo;IC sont sur ce lien BadNet &nbsp; Nationale 2 &#8211; \u00c9quipe &hellip;\" \/>\n<meta property=\"og:url\" content=\"https:\/\/www.mbsmb.fr\/site\/national-2-pre-nat-regionales\/\" \/>\n<meta property=\"og:site_name\" content=\"MBSMB\" \/>\n<meta property=\"article:publisher\" content=\"https:\/\/www.facebook.com\/metzbansaintmartinbadminton\" \/>\n<meta property=\"article:modified_time\" content=\"2025-11-05T14:26:42+00:00\" \/>\n<meta property=\"og:image\" content=\"https:\/\/www.mbsmb.fr\/site\/wp-content\/uploads\/2025\/08\/Calendrier-10-e1754300975469.jpg\" \/>\n\t<meta property=\"og:image:width\" content=\"1640\" \/>\n\t<meta property=\"og:image:height\" content=\"775\" \/>\n\t<meta property=\"og:image:type\" content=\"image\/jpeg\" \/>\n<meta name=\"twitter:card\" content=\"summary_large_image\" \/>\n<meta name=\"twitter:label1\" content=\"Dur\u00e9e de lecture estim\u00e9e\" \/>\n\t<meta name=\"twitter:data1\" content=\"3 minutes\" \/>\n<script type=\"application\/ld+json\" class=\"yoast-schema-graph\">{\"@context\":\"https:\/\/schema.org\",\"@graph\":[{\"@type\":\"WebPage\",\"@id\":\"https:\/\/www.mbsmb.fr\/site\/national-2-pre-nat-regionales\/\",\"url\":\"https:\/\/www.mbsmb.fr\/site\/national-2-pre-nat-regionales\/\",\"name\":\"Nationale 2, Pr\u00e9 nat' & r\u00e9gionales - MBSMB\",\"isPartOf\":{\"@id\":\"https:\/\/www.mbsmb.fr\/site\/#website\"},\"primaryImageOfPage\":{\"@id\":\"https:\/\/www.mbsmb.fr\/site\/national-2-pre-nat-regionales\/#primaryimage\"},\"image\":{\"@id\":\"https:\/\/www.mbsmb.fr\/site\/national-2-pre-nat-regionales\/#primaryimage\"},\"thumbnailUrl\":\"https:\/\/www.mbsmb.fr\/site\/wp-content\/uploads\/2025\/08\/Calendrier-10-e1754300975469-1024x484.jpg\",\"datePublished\":\"2023-10-05T14:10:23+00:00\",\"dateModified\":\"2025-11-05T14:26:42+00:00\",\"breadcrumb\":{\"@id\":\"https:\/\/www.mbsmb.fr\/site\/national-2-pre-nat-regionales\/#breadcrumb\"},\"inLanguage\":\"fr-FR\",\"potentialAction\":[{\"@type\":\"ReadAction\",\"target\":[\"https:\/\/www.mbsmb.fr\/site\/national-2-pre-nat-regionales\/\"]}]},{\"@type\":\"ImageObject\",\"inLanguage\":\"fr-FR\",\"@id\":\"https:\/\/www.mbsmb.fr\/site\/national-2-pre-nat-regionales\/#primaryimage\",\"url\":\"https:\/\/www.mbsmb.fr\/site\/wp-content\/uploads\/2025\/08\/Calendrier-10-e1754300975469.jpg\",\"contentUrl\":\"https:\/\/www.mbsmb.fr\/site\/wp-content\/uploads\/2025\/08\/Calendrier-10-e1754300975469.jpg\",\"width\":1640,\"height\":775},{\"@type\":\"BreadcrumbList\",\"@id\":\"https:\/\/www.mbsmb.fr\/site\/national-2-pre-nat-regionales\/#breadcrumb\",\"itemListElement\":[{\"@type\":\"ListItem\",\"position\":1,\"name\":\"Accueil\",\"item\":\"https:\/\/www.mbsmb.fr\/site\/\"},{\"@type\":\"ListItem\",\"position\":2,\"name\":\"Nationale 2, Pr\u00e9 nat&rsquo; &#038; r\u00e9gionales\"}]},{\"@type\":\"WebSite\",\"@id\":\"https:\/\/www.mbsmb.fr\/site\/#website\",\"url\":\"https:\/\/www.mbsmb.fr\/site\/\",\"name\":\"MSQB metz saint quentin badminton\",\"description\":\"Metz Ban Saint Martin Badminton\",\"publisher\":{\"@id\":\"https:\/\/www.mbsmb.fr\/site\/#organization\"},\"potentialAction\":[{\"@type\":\"SearchAction\",\"target\":{\"@type\":\"EntryPoint\",\"urlTemplate\":\"https:\/\/www.mbsmb.fr\/site\/?s={search_term_string}\"},\"query-input\":{\"@type\":\"PropertyValueSpecification\",\"valueRequired\":true,\"valueName\":\"search_term_string\"}}],\"inLanguage\":\"fr-FR\"},{\"@type\":\"Organization\",\"@id\":\"https:\/\/www.mbsmb.fr\/site\/#organization\",\"name\":\"msqb\",\"url\":\"https:\/\/www.mbsmb.fr\/site\/\",\"logo\":{\"@type\":\"ImageObject\",\"inLanguage\":\"fr-FR\",\"@id\":\"https:\/\/www.mbsmb.fr\/site\/#\/schema\/logo\/image\/\",\"url\":\"http:\/\/www.msqb.fr\/site\/wp-content\/uploads\/2015\/12\/msqb_logo1.png\",\"contentUrl\":\"http:\/\/www.msqb.fr\/site\/wp-content\/uploads\/2015\/12\/msqb_logo1.png\",\"width\":996,\"height\":996,\"caption\":\"msqb\"},\"image\":{\"@id\":\"https:\/\/www.mbsmb.fr\/site\/#\/schema\/logo\/image\/\"},\"sameAs\":[\"https:\/\/www.facebook.com\/metzbansaintmartinbadminton\"]}]}<\/script>\n<!-- \/ Yoast SEO plugin. -->","yoast_head_json":{"title":"Nationale 2, Pr\u00e9 nat' & r\u00e9gionales - MBSMB","robots":{"index":"index","follow":"follow","max-snippet":"max-snippet:-1","max-image-preview":"max-image-preview:large","max-video-preview":"max-video-preview:-1"},"canonical":"https:\/\/www.mbsmb.fr\/site\/national-2-pre-nat-regionales\/","og_locale":"fr_FR","og_type":"article","og_title":"Nationale 2, Pr\u00e9 nat' & r\u00e9gionales - MBSMB","og_description":"Saison 2025-2026 Le MBSMB engage 5 \u00e9quipes d&rsquo;interclubs au niveau nationale et r\u00e9gionale : une \u00e9quipe en Nationale 2, deux \u00e9quipes en Pr\u00e9-nationale, une \u00e9quipe en R\u00e9gionale 1 et une \u00e9quipe en R\u00e9gionale 2. Tous les r\u00e9sultats des \u00e9quipes d&rsquo;IC sont sur ce lien BadNet &nbsp; Nationale 2 &#8211; \u00c9quipe &hellip;","og_url":"https:\/\/www.mbsmb.fr\/site\/national-2-pre-nat-regionales\/","og_site_name":"MBSMB","article_publisher":"https:\/\/www.facebook.com\/metzbansaintmartinbadminton","article_modified_time":"2025-11-05T14:26:42+00:00","og_image":[{"width":1640,"height":775,"url":"https:\/\/www.mbsmb.fr\/site\/wp-content\/uploads\/2025\/08\/Calendrier-10-e1754300975469.jpg","type":"image\/jpeg"}],"twitter_card":"summary_large_image","twitter_misc":{"Dur\u00e9e de lecture estim\u00e9e":"3 minutes"},"schema":{"@context":"https:\/\/schema.org","@graph":[{"@type":"WebPage","@id":"https:\/\/www.mbsmb.fr\/site\/national-2-pre-nat-regionales\/","url":"https:\/\/www.mbsmb.fr\/site\/national-2-pre-nat-regionales\/","name":"Nationale 2, Pr\u00e9 nat' & r\u00e9gionales - MBSMB","isPartOf":{"@id":"https:\/\/www.mbsmb.fr\/site\/#website"},"primaryImageOfPage":{"@id":"https:\/\/www.mbsmb.fr\/site\/national-2-pre-nat-regionales\/#primaryimage"},"image":{"@id":"https:\/\/www.mbsmb.fr\/site\/national-2-pre-nat-regionales\/#primaryimage"},"thumbnailUrl":"https:\/\/www.mbsmb.fr\/site\/wp-content\/uploads\/2025\/08\/Calendrier-10-e1754300975469-1024x484.jpg","datePublished":"2023-10-05T14:10:23+00:00","dateModified":"2025-11-05T14:26:42+00:00","breadcrumb":{"@id":"https:\/\/www.mbsmb.fr\/site\/national-2-pre-nat-regionales\/#breadcrumb"},"inLanguage":"fr-FR","potentialAction":[{"@type":"ReadAction","target":["https:\/\/www.mbsmb.fr\/site\/national-2-pre-nat-regionales\/"]}]},{"@type":"ImageObject","inLanguage":"fr-FR","@id":"https:\/\/www.mbsmb.fr\/site\/national-2-pre-nat-regionales\/#primaryimage","url":"https:\/\/www.mbsmb.fr\/site\/wp-content\/uploads\/2025\/08\/Calendrier-10-e1754300975469.jpg","contentUrl":"https:\/\/www.mbsmb.fr\/site\/wp-content\/uploads\/2025\/08\/Calendrier-10-e1754300975469.jpg","width":1640,"height":775},{"@type":"BreadcrumbList","@id":"https:\/\/www.mbsmb.fr\/site\/national-2-pre-nat-regionales\/#breadcrumb","itemListElement":[{"@type":"ListItem","position":1,"name":"Accueil","item":"https:\/\/www.mbsmb.fr\/site\/"},{"@type":"ListItem","position":2,"name":"Nationale 2, Pr\u00e9 nat&rsquo; &#038; r\u00e9gionales"}]},{"@type":"WebSite","@id":"https:\/\/www.mbsmb.fr\/site\/#website","url":"https:\/\/www.mbsmb.fr\/site\/","name":"MSQB metz saint quentin badminton","description":"Metz Ban Saint Martin Badminton","publisher":{"@id":"https:\/\/www.mbsmb.fr\/site\/#organization"},"potentialAction":[{"@type":"SearchAction","target":{"@type":"EntryPoint","urlTemplate":"https:\/\/www.mbsmb.fr\/site\/?s={search_term_string}"},"query-input":{"@type":"PropertyValueSpecification","valueRequired":true,"valueName":"search_term_string"}}],"inLanguage":"fr-FR"},{"@type":"Organization","@id":"https:\/\/www.mbsmb.fr\/site\/#organization","name":"msqb","url":"https:\/\/www.mbsmb.fr\/site\/","logo":{"@type":"ImageObject","inLanguage":"fr-FR","@id":"https:\/\/www.mbsmb.fr\/site\/#\/schema\/logo\/image\/","url":"http:\/\/www.msqb.fr\/site\/wp-content\/uploads\/2015\/12\/msqb_logo1.png","contentUrl":"http:\/\/www.msqb.fr\/site\/wp-content\/uploads\/2015\/12\/msqb_logo1.png","width":996,"height":996,"caption":"msqb"},"image":{"@id":"https:\/\/www.mbsmb.fr\/site\/#\/schema\/logo\/image\/"},"sameAs":["https:\/\/www.facebook.com\/metzbansaintmartinbadminton"]}]}},"_links":{"self":[{"href":"https:\/\/www.mbsmb.fr\/site\/wp-json\/wp\/v2\/pages\/2780","targetHints":{"allow":["GET"]}}],"collection":[{"href":"https:\/\/www.mbsmb.fr\/site\/wp-json\/wp\/v2\/pages"}],"about":[{"href":"https:\/\/www.mbsmb.fr\/site\/wp-json\/wp\/v2\/types\/page"}],"author":[{"embeddable":true,"href":"https:\/\/www.mbsmb.fr\/site\/wp-json\/wp\/v2\/users\/13"}],"replies":[{"embeddable":true,"href":"https:\/\/www.mbsmb.fr\/site\/wp-json\/wp\/v2\/comments?post=2780"}],"version-history":[{"count":43,"href":"https:\/\/www.mbsmb.fr\/site\/wp-json\/wp\/v2\/pages\/2780\/revisions"}],"predecessor-version":[{"id":3321,"href":"https:\/\/www.mbsmb.fr\/site\/wp-json\/wp\/v2\/pages\/2780\/revisions\/3321"}],"wp:attachment":[{"href":"https:\/\/www.mbsmb.fr\/site\/wp-json\/wp\/v2\/media?parent=2780"}],"curies":[{"name":"wp","href":"https:\/\/api.w.org\/{rel}","templated":true}]}}