{"id":2537,"date":"2022-09-14T10:26:49","date_gmt":"2022-09-14T09:26:49","guid":{"rendered":"https:\/\/www.mbsmb.fr\/site\/?page_id=2537"},"modified":"2025-07-30T09:31:23","modified_gmt":"2025-07-30T08:31:23","slug":"ic-nationale-2-pre-nat-et-regionale","status":"publish","type":"page","link":"https:\/\/www.mbsmb.fr\/site\/ic-nationale-2-pre-nat-et-regionale\/","title":{"rendered":"IC Nationale 2, Pr\u00e9-Nat&rsquo; et R\u00e9gionale"},"content":{"rendered":"<h3 style=\"text-align: center;\"><strong>Saison 2022-2023<\/strong><\/h3>\n<p>&nbsp;<\/p>\n<h2>Nationale 2<\/h2>\n<p>&nbsp;<\/p>\n<p><img loading=\"lazy\" decoding=\"async\" class=\"alignnone wp-image-2623 size-large\" style=\"font-style: normal; font-variant-ligatures: normal; font-variant-caps: normal; font-weight: 300; font-size: 16px; font-family: 'Open Sans';\" src=\"https:\/\/www.mbsmb.fr\/site\/wp-content\/uploads\/2022\/10\/FB_IMG_1666614387240-1024x498.jpg\" alt=\"\" width=\"1024\" height=\"498\" srcset=\"https:\/\/www.mbsmb.fr\/site\/wp-content\/uploads\/2022\/10\/FB_IMG_1666614387240-1024x498.jpg 1024w, https:\/\/www.mbsmb.fr\/site\/wp-content\/uploads\/2022\/10\/FB_IMG_1666614387240-300x146.jpg 300w, https:\/\/www.mbsmb.fr\/site\/wp-content\/uploads\/2022\/10\/FB_IMG_1666614387240-768x373.jpg 768w, https:\/\/www.mbsmb.fr\/site\/wp-content\/uploads\/2022\/10\/FB_IMG_1666614387240.jpg 1080w\" sizes=\"auto, (max-width: 1024px) 100vw, 1024px\" \/><\/p>\n<p>&nbsp;<\/p>\n<p><a href=\"https:\/\/icbad.ffbad.org\/equipe\/15813\">Composition de l&rsquo;\u00e9quipe<\/a><\/p>\n<p>Wiktoria ADAMEK, Lilly BECKER, Anna DUDA, Alexandre BAUDET, Amaury GAGELIN, Krzysztof JOAKOWCZUK, Maximilien LAMBLOT, Ga\u00ebl VELASCO, Yannick DUPIRE<\/p>\n<p><a href=\"https:\/\/icbad.ffbad.org\/competition\/2200161\">Tableau de poule (Poule 6)<\/a><\/p>\n<h2>Pr\u00e9-Nationale<\/h2>\n<p><strong>Equipe 2 &#8211; Poule C<\/strong><\/p>\n<p><img loading=\"lazy\" decoding=\"async\" class=\"alignnone wp-image-2619 size-large\" src=\"https:\/\/www.mbsmb.fr\/site\/wp-content\/uploads\/2022\/10\/FB_IMG_1666614082414-768x1024.jpg\" alt=\"\" width=\"768\" height=\"1024\" srcset=\"https:\/\/www.mbsmb.fr\/site\/wp-content\/uploads\/2022\/10\/FB_IMG_1666614082414-768x1024.jpg 768w, https:\/\/www.mbsmb.fr\/site\/wp-content\/uploads\/2022\/10\/FB_IMG_1666614082414-225x300.jpg 225w, https:\/\/www.mbsmb.fr\/site\/wp-content\/uploads\/2022\/10\/FB_IMG_1666614082414.jpg 1080w\" sizes=\"auto, (max-width: 768px) 100vw, 768px\" \/><\/p>\n<p>&nbsp;<\/p>\n<p><strong> Equipe 3 &#8211; Poule B<\/strong><\/p>\n<p><img loading=\"lazy\" decoding=\"async\" class=\"alignnone wp-image-2620 size-large\" src=\"https:\/\/www.mbsmb.fr\/site\/wp-content\/uploads\/2022\/10\/FB_IMG_1666614086241-1024x768.jpg\" alt=\"\" width=\"1024\" height=\"768\" srcset=\"https:\/\/www.mbsmb.fr\/site\/wp-content\/uploads\/2022\/10\/FB_IMG_1666614086241-1024x768.jpg 1024w, https:\/\/www.mbsmb.fr\/site\/wp-content\/uploads\/2022\/10\/FB_IMG_1666614086241-300x225.jpg 300w, https:\/\/www.mbsmb.fr\/site\/wp-content\/uploads\/2022\/10\/FB_IMG_1666614086241-768x576.jpg 768w, https:\/\/www.mbsmb.fr\/site\/wp-content\/uploads\/2022\/10\/FB_IMG_1666614086241.jpg 1080w\" sizes=\"auto, (max-width: 1024px) 100vw, 1024px\" \/><\/p>\n<p>&nbsp;<\/p>\n<h2>R\u00e9gionale 1<\/h2>\n<h2><img loading=\"lazy\" decoding=\"async\" class=\"alignnone wp-image-2621 size-large\" style=\"font-family: 'Open Sans'; font-size: 16px; font-style: normal; font-variant-ligatures: normal; font-variant-caps: normal; font-weight: 300;\" src=\"https:\/\/www.mbsmb.fr\/site\/wp-content\/uploads\/2022\/10\/FB_IMG_1666614089750-1024x768.jpg\" alt=\"\" width=\"1024\" height=\"768\" srcset=\"https:\/\/www.mbsmb.fr\/site\/wp-content\/uploads\/2022\/10\/FB_IMG_1666614089750-1024x768.jpg 1024w, https:\/\/www.mbsmb.fr\/site\/wp-content\/uploads\/2022\/10\/FB_IMG_1666614089750-300x225.jpg 300w, https:\/\/www.mbsmb.fr\/site\/wp-content\/uploads\/2022\/10\/FB_IMG_1666614089750-768x576.jpg 768w, https:\/\/www.mbsmb.fr\/site\/wp-content\/uploads\/2022\/10\/FB_IMG_1666614089750.jpg 1080w\" sizes=\"auto, (max-width: 1024px) 100vw, 1024px\" \/><\/h2>\n<p>&nbsp;<\/p>\n<h2>R\u00e9gionale 2<\/h2>\n<h2><img loading=\"lazy\" decoding=\"async\" class=\"alignnone wp-image-2622 size-large\" style=\"font-style: normal; font-variant-ligatures: normal; font-variant-caps: normal; font-weight: 300; font-size: 16px; font-family: 'Open Sans';\" src=\"https:\/\/www.mbsmb.fr\/site\/wp-content\/uploads\/2022\/10\/FB_IMG_1666614093493-1024x768.jpg\" alt=\"\" width=\"1024\" height=\"768\" srcset=\"https:\/\/www.mbsmb.fr\/site\/wp-content\/uploads\/2022\/10\/FB_IMG_1666614093493-1024x768.jpg 1024w, https:\/\/www.mbsmb.fr\/site\/wp-content\/uploads\/2022\/10\/FB_IMG_1666614093493-300x225.jpg 300w, https:\/\/www.mbsmb.fr\/site\/wp-content\/uploads\/2022\/10\/FB_IMG_1666614093493-768x576.jpg 768w, https:\/\/www.mbsmb.fr\/site\/wp-content\/uploads\/2022\/10\/FB_IMG_1666614093493.jpg 1080w\" sizes=\"auto, (max-width: 1024px) 100vw, 1024px\" \/><\/h2>\n<p>&nbsp;<\/p>\n<p>&nbsp;<\/p>\n<p>&nbsp;<\/p>\n<!-- AddThis Advanced Settings generic via filter on the_content --><!-- AddThis Share Buttons generic via filter on the_content -->","protected":false},"excerpt":{"rendered":"<p>Saison 2022-2023 &nbsp; Nationale 2 &nbsp; &nbsp; Composition de l&rsquo;\u00e9quipe Wiktoria ADAMEK, Lilly BECKER, Anna DUDA, Alexandre BAUDET, Amaury GAGELIN, Krzysztof JOAKOWCZUK, Maximilien LAMBLOT, Ga\u00ebl VELASCO, Yannick DUPIRE Tableau de poule (Poule 6) Pr\u00e9-Nationale Equipe 2 &#8211; Poule C &nbsp; Equipe 3 &#8211; Poule B &nbsp; R\u00e9gionale 1 &nbsp; R\u00e9gionale &hellip;<!-- AddThis Advanced Settings generic via filter on get_the_excerpt --><!-- AddThis Share Buttons generic via filter on get_the_excerpt --><\/p>\n","protected":false},"author":13,"featured_media":0,"parent":0,"menu_order":0,"comment_status":"closed","ping_status":"closed","template":"","meta":{"footnotes":""},"class_list":["post-2537","page","type-page","status-publish","hentry"],"yoast_head":"<!-- This site is optimized with the Yoast SEO plugin v26.7 - https:\/\/yoast.com\/wordpress\/plugins\/seo\/ -->\n<title>IC Nationale 2, Pr\u00e9-Nat&#039; et R\u00e9gionale - MBSMB<\/title>\n<meta name=\"robots\" content=\"index, follow, max-snippet:-1, max-image-preview:large, max-video-preview:-1\" \/>\n<link rel=\"canonical\" href=\"https:\/\/www.mbsmb.fr\/site\/ic-nationale-2-pre-nat-et-regionale\/\" \/>\n<meta property=\"og:locale\" content=\"fr_FR\" \/>\n<meta property=\"og:type\" content=\"article\" \/>\n<meta property=\"og:title\" content=\"IC Nationale 2, Pr\u00e9-Nat&#039; et R\u00e9gionale - MBSMB\" \/>\n<meta property=\"og:description\" content=\"Saison 2022-2023 &nbsp; Nationale 2 &nbsp; &nbsp; Composition de l&rsquo;\u00e9quipe Wiktoria ADAMEK, Lilly BECKER, Anna DUDA, Alexandre BAUDET, Amaury GAGELIN, Krzysztof JOAKOWCZUK, Maximilien LAMBLOT, Ga\u00ebl VELASCO, Yannick DUPIRE Tableau de poule (Poule 6) Pr\u00e9-Nationale Equipe 2 &#8211; Poule C &nbsp; Equipe 3 &#8211; Poule B &nbsp; R\u00e9gionale 1 &nbsp; R\u00e9gionale &hellip;\" \/>\n<meta property=\"og:url\" content=\"https:\/\/www.mbsmb.fr\/site\/ic-nationale-2-pre-nat-et-regionale\/\" \/>\n<meta property=\"og:site_name\" content=\"MBSMB\" \/>\n<meta property=\"article:publisher\" content=\"https:\/\/www.facebook.com\/metzbansaintmartinbadminton\" \/>\n<meta property=\"article:modified_time\" content=\"2025-07-30T08:31:23+00:00\" \/>\n<meta property=\"og:image\" content=\"https:\/\/www.mbsmb.fr\/site\/wp-content\/uploads\/2022\/10\/FB_IMG_1666614387240.jpg\" \/>\n\t<meta property=\"og:image:width\" content=\"1080\" \/>\n\t<meta property=\"og:image:height\" content=\"525\" \/>\n\t<meta property=\"og:image:type\" content=\"image\/jpeg\" \/>\n<meta name=\"twitter:card\" content=\"summary_large_image\" \/>\n<meta name=\"twitter:label1\" content=\"Dur\u00e9e de lecture estim\u00e9e\" \/>\n\t<meta name=\"twitter:data1\" content=\"2 minutes\" \/>\n<script type=\"application\/ld+json\" class=\"yoast-schema-graph\">{\"@context\":\"https:\/\/schema.org\",\"@graph\":[{\"@type\":\"WebPage\",\"@id\":\"https:\/\/www.mbsmb.fr\/site\/ic-nationale-2-pre-nat-et-regionale\/\",\"url\":\"https:\/\/www.mbsmb.fr\/site\/ic-nationale-2-pre-nat-et-regionale\/\",\"name\":\"IC Nationale 2, Pr\u00e9-Nat' et R\u00e9gionale - MBSMB\",\"isPartOf\":{\"@id\":\"https:\/\/www.mbsmb.fr\/site\/#website\"},\"primaryImageOfPage\":{\"@id\":\"https:\/\/www.mbsmb.fr\/site\/ic-nationale-2-pre-nat-et-regionale\/#primaryimage\"},\"image\":{\"@id\":\"https:\/\/www.mbsmb.fr\/site\/ic-nationale-2-pre-nat-et-regionale\/#primaryimage\"},\"thumbnailUrl\":\"https:\/\/www.mbsmb.fr\/site\/wp-content\/uploads\/2022\/10\/FB_IMG_1666614387240-1024x498.jpg\",\"datePublished\":\"2022-09-14T09:26:49+00:00\",\"dateModified\":\"2025-07-30T08:31:23+00:00\",\"breadcrumb\":{\"@id\":\"https:\/\/www.mbsmb.fr\/site\/ic-nationale-2-pre-nat-et-regionale\/#breadcrumb\"},\"inLanguage\":\"fr-FR\",\"potentialAction\":[{\"@type\":\"ReadAction\",\"target\":[\"https:\/\/www.mbsmb.fr\/site\/ic-nationale-2-pre-nat-et-regionale\/\"]}]},{\"@type\":\"ImageObject\",\"inLanguage\":\"fr-FR\",\"@id\":\"https:\/\/www.mbsmb.fr\/site\/ic-nationale-2-pre-nat-et-regionale\/#primaryimage\",\"url\":\"https:\/\/www.mbsmb.fr\/site\/wp-content\/uploads\/2022\/10\/FB_IMG_1666614387240.jpg\",\"contentUrl\":\"https:\/\/www.mbsmb.fr\/site\/wp-content\/uploads\/2022\/10\/FB_IMG_1666614387240.jpg\",\"width\":1080,\"height\":525},{\"@type\":\"BreadcrumbList\",\"@id\":\"https:\/\/www.mbsmb.fr\/site\/ic-nationale-2-pre-nat-et-regionale\/#breadcrumb\",\"itemListElement\":[{\"@type\":\"ListItem\",\"position\":1,\"name\":\"Accueil\",\"item\":\"https:\/\/www.mbsmb.fr\/site\/\"},{\"@type\":\"ListItem\",\"position\":2,\"name\":\"IC Nationale 2, Pr\u00e9-Nat&rsquo; et R\u00e9gionale\"}]},{\"@type\":\"WebSite\",\"@id\":\"https:\/\/www.mbsmb.fr\/site\/#website\",\"url\":\"https:\/\/www.mbsmb.fr\/site\/\",\"name\":\"MSQB metz saint quentin badminton\",\"description\":\"Metz Ban Saint Martin Badminton\",\"publisher\":{\"@id\":\"https:\/\/www.mbsmb.fr\/site\/#organization\"},\"potentialAction\":[{\"@type\":\"SearchAction\",\"target\":{\"@type\":\"EntryPoint\",\"urlTemplate\":\"https:\/\/www.mbsmb.fr\/site\/?s={search_term_string}\"},\"query-input\":{\"@type\":\"PropertyValueSpecification\",\"valueRequired\":true,\"valueName\":\"search_term_string\"}}],\"inLanguage\":\"fr-FR\"},{\"@type\":\"Organization\",\"@id\":\"https:\/\/www.mbsmb.fr\/site\/#organization\",\"name\":\"msqb\",\"url\":\"https:\/\/www.mbsmb.fr\/site\/\",\"logo\":{\"@type\":\"ImageObject\",\"inLanguage\":\"fr-FR\",\"@id\":\"https:\/\/www.mbsmb.fr\/site\/#\/schema\/logo\/image\/\",\"url\":\"http:\/\/www.msqb.fr\/site\/wp-content\/uploads\/2015\/12\/msqb_logo1.png\",\"contentUrl\":\"http:\/\/www.msqb.fr\/site\/wp-content\/uploads\/2015\/12\/msqb_logo1.png\",\"width\":996,\"height\":996,\"caption\":\"msqb\"},\"image\":{\"@id\":\"https:\/\/www.mbsmb.fr\/site\/#\/schema\/logo\/image\/\"},\"sameAs\":[\"https:\/\/www.facebook.com\/metzbansaintmartinbadminton\"]}]}<\/script>\n<!-- \/ Yoast SEO plugin. -->","yoast_head_json":{"title":"IC Nationale 2, Pr\u00e9-Nat' et R\u00e9gionale - MBSMB","robots":{"index":"index","follow":"follow","max-snippet":"max-snippet:-1","max-image-preview":"max-image-preview:large","max-video-preview":"max-video-preview:-1"},"canonical":"https:\/\/www.mbsmb.fr\/site\/ic-nationale-2-pre-nat-et-regionale\/","og_locale":"fr_FR","og_type":"article","og_title":"IC Nationale 2, Pr\u00e9-Nat' et R\u00e9gionale - MBSMB","og_description":"Saison 2022-2023 &nbsp; Nationale 2 &nbsp; &nbsp; Composition de l&rsquo;\u00e9quipe Wiktoria ADAMEK, Lilly BECKER, Anna DUDA, Alexandre BAUDET, Amaury GAGELIN, Krzysztof JOAKOWCZUK, Maximilien LAMBLOT, Ga\u00ebl VELASCO, Yannick DUPIRE Tableau de poule (Poule 6) Pr\u00e9-Nationale Equipe 2 &#8211; Poule C &nbsp; Equipe 3 &#8211; Poule B &nbsp; R\u00e9gionale 1 &nbsp; R\u00e9gionale &hellip;","og_url":"https:\/\/www.mbsmb.fr\/site\/ic-nationale-2-pre-nat-et-regionale\/","og_site_name":"MBSMB","article_publisher":"https:\/\/www.facebook.com\/metzbansaintmartinbadminton","article_modified_time":"2025-07-30T08:31:23+00:00","og_image":[{"width":1080,"height":525,"url":"https:\/\/www.mbsmb.fr\/site\/wp-content\/uploads\/2022\/10\/FB_IMG_1666614387240.jpg","type":"image\/jpeg"}],"twitter_card":"summary_large_image","twitter_misc":{"Dur\u00e9e de lecture estim\u00e9e":"2 minutes"},"schema":{"@context":"https:\/\/schema.org","@graph":[{"@type":"WebPage","@id":"https:\/\/www.mbsmb.fr\/site\/ic-nationale-2-pre-nat-et-regionale\/","url":"https:\/\/www.mbsmb.fr\/site\/ic-nationale-2-pre-nat-et-regionale\/","name":"IC Nationale 2, Pr\u00e9-Nat' et R\u00e9gionale - MBSMB","isPartOf":{"@id":"https:\/\/www.mbsmb.fr\/site\/#website"},"primaryImageOfPage":{"@id":"https:\/\/www.mbsmb.fr\/site\/ic-nationale-2-pre-nat-et-regionale\/#primaryimage"},"image":{"@id":"https:\/\/www.mbsmb.fr\/site\/ic-nationale-2-pre-nat-et-regionale\/#primaryimage"},"thumbnailUrl":"https:\/\/www.mbsmb.fr\/site\/wp-content\/uploads\/2022\/10\/FB_IMG_1666614387240-1024x498.jpg","datePublished":"2022-09-14T09:26:49+00:00","dateModified":"2025-07-30T08:31:23+00:00","breadcrumb":{"@id":"https:\/\/www.mbsmb.fr\/site\/ic-nationale-2-pre-nat-et-regionale\/#breadcrumb"},"inLanguage":"fr-FR","potentialAction":[{"@type":"ReadAction","target":["https:\/\/www.mbsmb.fr\/site\/ic-nationale-2-pre-nat-et-regionale\/"]}]},{"@type":"ImageObject","inLanguage":"fr-FR","@id":"https:\/\/www.mbsmb.fr\/site\/ic-nationale-2-pre-nat-et-regionale\/#primaryimage","url":"https:\/\/www.mbsmb.fr\/site\/wp-content\/uploads\/2022\/10\/FB_IMG_1666614387240.jpg","contentUrl":"https:\/\/www.mbsmb.fr\/site\/wp-content\/uploads\/2022\/10\/FB_IMG_1666614387240.jpg","width":1080,"height":525},{"@type":"BreadcrumbList","@id":"https:\/\/www.mbsmb.fr\/site\/ic-nationale-2-pre-nat-et-regionale\/#breadcrumb","itemListElement":[{"@type":"ListItem","position":1,"name":"Accueil","item":"https:\/\/www.mbsmb.fr\/site\/"},{"@type":"ListItem","position":2,"name":"IC Nationale 2, Pr\u00e9-Nat&rsquo; et R\u00e9gionale"}]},{"@type":"WebSite","@id":"https:\/\/www.mbsmb.fr\/site\/#website","url":"https:\/\/www.mbsmb.fr\/site\/","name":"MSQB metz saint quentin badminton","description":"Metz Ban Saint Martin Badminton","publisher":{"@id":"https:\/\/www.mbsmb.fr\/site\/#organization"},"potentialAction":[{"@type":"SearchAction","target":{"@type":"EntryPoint","urlTemplate":"https:\/\/www.mbsmb.fr\/site\/?s={search_term_string}"},"query-input":{"@type":"PropertyValueSpecification","valueRequired":true,"valueName":"search_term_string"}}],"inLanguage":"fr-FR"},{"@type":"Organization","@id":"https:\/\/www.mbsmb.fr\/site\/#organization","name":"msqb","url":"https:\/\/www.mbsmb.fr\/site\/","logo":{"@type":"ImageObject","inLanguage":"fr-FR","@id":"https:\/\/www.mbsmb.fr\/site\/#\/schema\/logo\/image\/","url":"http:\/\/www.msqb.fr\/site\/wp-content\/uploads\/2015\/12\/msqb_logo1.png","contentUrl":"http:\/\/www.msqb.fr\/site\/wp-content\/uploads\/2015\/12\/msqb_logo1.png","width":996,"height":996,"caption":"msqb"},"image":{"@id":"https:\/\/www.mbsmb.fr\/site\/#\/schema\/logo\/image\/"},"sameAs":["https:\/\/www.facebook.com\/metzbansaintmartinbadminton"]}]}},"_links":{"self":[{"href":"https:\/\/www.mbsmb.fr\/site\/wp-json\/wp\/v2\/pages\/2537","targetHints":{"allow":["GET"]}}],"collection":[{"href":"https:\/\/www.mbsmb.fr\/site\/wp-json\/wp\/v2\/pages"}],"about":[{"href":"https:\/\/www.mbsmb.fr\/site\/wp-json\/wp\/v2\/types\/page"}],"author":[{"embeddable":true,"href":"https:\/\/www.mbsmb.fr\/site\/wp-json\/wp\/v2\/users\/13"}],"replies":[{"embeddable":true,"href":"https:\/\/www.mbsmb.fr\/site\/wp-json\/wp\/v2\/comments?post=2537"}],"version-history":[{"count":11,"href":"https:\/\/www.mbsmb.fr\/site\/wp-json\/wp\/v2\/pages\/2537\/revisions"}],"predecessor-version":[{"id":3123,"href":"https:\/\/www.mbsmb.fr\/site\/wp-json\/wp\/v2\/pages\/2537\/revisions\/3123"}],"wp:attachment":[{"href":"https:\/\/www.mbsmb.fr\/site\/wp-json\/wp\/v2\/media?parent=2537"}],"curies":[{"name":"wp","href":"https:\/\/api.w.org\/{rel}","templated":true}]}}